{"id":223541,"date":"2026-04-29T08:31:12","date_gmt":"2026-04-29T13:31:12","guid":{"rendered":"https:\/\/www.ucm.edu.co\/?post_type=tribe_events&#038;p=233402"},"modified":"2026-04-29T08:35:26","modified_gmt":"2026-04-29T13:35:26","slug":"congreso-admira-empresas-y-turismo-en-evolucion","status":"publish","type":"tribe_events","link":"https:\/\/ucm.edu.co\/intranet\/event\/congreso-admira-empresas-y-turismo-en-evolucion\/","title":{"rendered":"Congreso ADMira 2026"},"content":{"rendered":"<p><img loading=\"lazy\" decoding=\"async\" class=\"size-full wp-image-233409 aligncenter\" src=\"https:\/\/ucm.edu.co\/intranet\/wp-content\/uploads\/2026\/04\/congreso-admira-2026-encabezado.jpg\" alt=\"\" width=\"1280\" height=\"168\" \/><\/p>\n<p>El Congreso \u201c<strong>ADMira 2026: Empresas y Turismo en evoluci\u00f3n<\/strong>\u201d se consolida como un espacio acad\u00e9mico de alto nivel, dise\u00f1ado para analizar de manera cr\u00edtica las disrupciones que han reconfigurado el panorama global del sector. Su prop\u00f3sito central es dotar a los asistentes de herramientas estrat\u00e9gicas fundamentadas en tres pilares clave: innovaci\u00f3n, transformaci\u00f3n digital e inteligencia artificial.<br \/>\nA trav\u00e9s de una metodolog\u00eda integral que articula la reflexi\u00f3n te\u00f3rica de conferencias magistrales, la visi\u00f3n aplicada de paneles empresariales y el aprendizaje experiencial mediante un taller pr\u00e1ctico, el congreso busca fortalecer el v\u00ednculo entre la academia y el sector productivo. De esta manera, se promueve la generaci\u00f3n de conocimiento pertinente, la toma de decisiones informadas y la adaptaci\u00f3n efectiva a los desaf\u00edos contempor\u00e1neos del turismo y las empresas.<\/p>\n<p><img loading=\"lazy\" decoding=\"async\" class=\"size-full wp-image-233403 aligncenter\" src=\"https:\/\/ucm.edu.co\/intranet\/wp-content\/uploads\/2026\/04\/congreso-admira-2026-cronograma-01-scaled-1.jpg\" alt=\"\" width=\"1121\" height=\"2560\" \/> <img loading=\"lazy\" decoding=\"async\" class=\"size-full wp-image-233404 aligncenter\" src=\"https:\/\/ucm.edu.co\/intranet\/wp-content\/uploads\/2026\/04\/congreso-admira-2026-cronograma-02.jpg\" alt=\"\" width=\"1280\" height=\"2394\" \/><\/p>\n","protected":false},"excerpt":{"rendered":"<p>El Congreso \u201cADMira 2026: Empresas y Turismo en evoluci\u00f3n\u201d se consolida como un espacio acad\u00e9mico de alto nivel, dise\u00f1ado para analizar de manera cr\u00edtica las disrupciones que han reconfigurado el [&hellip;]<\/p>\n","protected":false},"author":2,"featured_media":223542,"template":"","meta":{"_et_pb_use_builder":"","_et_pb_old_content":"","_et_gb_content_width":"","_monsterinsights_skip_tracking":false,"_monsterinsights_sitenote_active":false,"_monsterinsights_sitenote_note":"","_monsterinsights_sitenote_category":0,"_tribe_events_status":"","_tribe_events_status_reason":"","footnotes":""},"tags":[],"tribe_events_cat":[],"class_list":["post-223541","tribe_events","type-tribe_events","status-publish","has-post-thumbnail","hentry"],"_links":{"self":[{"href":"https:\/\/ucm.edu.co\/intranet\/wp-json\/wp\/v2\/tribe_events\/223541","targetHints":{"allow":["GET"]}}],"collection":[{"href":"https:\/\/ucm.edu.co\/intranet\/wp-json\/wp\/v2\/tribe_events"}],"about":[{"href":"https:\/\/ucm.edu.co\/intranet\/wp-json\/wp\/v2\/types\/tribe_events"}],"author":[{"embeddable":true,"href":"https:\/\/ucm.edu.co\/intranet\/wp-json\/wp\/v2\/users\/2"}],"version-history":[{"count":3,"href":"https:\/\/ucm.edu.co\/intranet\/wp-json\/wp\/v2\/tribe_events\/223541\/revisions"}],"predecessor-version":[{"id":223548,"href":"https:\/\/ucm.edu.co\/intranet\/wp-json\/wp\/v2\/tribe_events\/223541\/revisions\/223548"}],"wp:featuredmedia":[{"embeddable":true,"href":"https:\/\/ucm.edu.co\/intranet\/wp-json\/wp\/v2\/media\/223542"}],"wp:attachment":[{"href":"https:\/\/ucm.edu.co\/intranet\/wp-json\/wp\/v2\/media?parent=223541"}],"wp:term":[{"taxonomy":"post_tag","embeddable":true,"href":"https:\/\/ucm.edu.co\/intranet\/wp-json\/wp\/v2\/tags?post=223541"},{"taxonomy":"tribe_events_cat","embeddable":true,"href":"https:\/\/ucm.edu.co\/intranet\/wp-json\/wp\/v2\/tribe_events_cat?post=223541"}],"curies":[{"name":"wp","href":"https:\/\/api.w.org\/{rel}","templated":true}]}}